{"id":22,"date":"2025-02-04T17:43:50","date_gmt":"2025-02-04T16:43:50","guid":{"rendered":"https:\/\/cjedesbleuets.ca\/?page_id=22"},"modified":"2025-07-07T21:13:29","modified_gmt":"2025-07-07T19:13:29","slug":"cje-des-bleuets","status":"publish","type":"page","link":"https:\/\/cjedesbleuets.ca\/fr\/cje-des-bleuets\/","title":{"rendered":"CJE des Bleuets"},"content":{"rendered":"<p>[et_pb_section fb_built=\u00a0\u00bb1&Prime; _builder_version=\u00a0\u00bb4.27.4&Prime; _module_preset=\u00a0\u00bbdefault\u00a0\u00bb background_image=\u00a0\u00bbhttps:\/\/cjedesbleuets.ca\/wp-content\/uploads\/2025\/02\/bandau-cje-des-bleuets.svg\u00a0\u00bb background_position=\u00a0\u00bbbottom_center\u00a0\u00bb width=\u00a0\u00bb100%\u00a0\u00bb max_width=\u00a0\u00bb100%\u00a0\u00bb custom_margin=\u00a0\u00bb||||false|false\u00a0\u00bb custom_padding=\u00a0\u00bb||0px||false|false\u00a0\u00bb global_colors_info=\u00a0\u00bb{}\u00a0\u00bb][et_pb_row _builder_version=\u00a0\u00bb4.27.4&Prime; _module_preset=\u00a0\u00bbdefault\u00a0\u00bb custom_padding=\u00a0\u00bb||0px||false|false\u00a0\u00bb global_colors_info=\u00a0\u00bb{}\u00a0\u00bb][et_pb_column type=\u00a0\u00bb4_4&Prime; _builder_version=\u00a0\u00bb4.27.4&Prime; _module_preset=\u00a0\u00bbdefault\u00a0\u00bb global_colors_info=\u00a0\u00bb{}\u00a0\u00bb][et_pb_text module_class=\u00a0\u00bbh4-texte-bleu h1-fond-bleu\u00a0\u00bb _builder_version=\u00a0\u00bb4.27.4&Prime; _module_preset=\u00a0\u00bbdefault\u00a0\u00bb global_colors_info=\u00a0\u00bb{}\u00a0\u00bb]<\/p>\n<h4>Le carrefour jeunesse emploi<\/h4>\n<h1>CJE des Bleuets<\/h1>\n<p>[\/et_pb_text][\/et_pb_column][\/et_pb_row][\/et_pb_section][et_pb_section fb_built=\u00a0\u00bb1&Prime; _builder_version=\u00a0\u00bb4.27.4&Prime; _module_preset=\u00a0\u00bbdefault\u00a0\u00bb global_colors_info=\u00a0\u00bb{}\u00a0\u00bb][et_pb_row _builder_version=\u00a0\u00bb4.27.4&Prime; _module_preset=\u00a0\u00bbdefault\u00a0\u00bb global_colors_info=\u00a0\u00bb{}\u00a0\u00bb][et_pb_column type=\u00a0\u00bb4_4&Prime; _builder_version=\u00a0\u00bb4.27.4&Prime; _module_preset=\u00a0\u00bbdefault\u00a0\u00bb global_colors_info=\u00a0\u00bb{}\u00a0\u00bb][et_pb_text _builder_version=\u00a0\u00bb4.27.4&Prime; _module_preset=\u00a0\u00bbdefault\u00a0\u00bb global_colors_info=\u00a0\u00bb{}\u00a0\u00bb]<\/p>\n<h2>Le CJE des Bleuets, c\u2019est bien plus qu\u2019un organisme qui t\u2019aide \u00e0 faire ton CV<\/h2>\n<h3>Une \u00e9quipe qualifi\u00e9e pour t&rsquo;accompagner, t&rsquo;\u00e9couter et te soutenir<\/h3>\n<p>Le CJE des Bleuets est un organisme \u00e0 but non lucratif qui am\u00e9liore les conditions de vie des personnes \u00e2g\u00e9es de 15 ans et plus des MRC Domaine-du-Roy et de Maria-Chapdelaine en les accompagnant dans leur employabilit\u00e9.<\/p>\n<p>[\/et_pb_text][\/et_pb_column][\/et_pb_row][\/et_pb_section][et_pb_section fb_built=\u00a0\u00bb1&Prime; _builder_version=\u00a0\u00bb4.27.4&Prime; _module_preset=\u00a0\u00bbdefault\u00a0\u00bb background_image=\u00a0\u00bbhttps:\/\/cjedesbleuets.ca\/wp-content\/uploads\/2025\/02\/bandeau-gris.svg\u00a0\u00bb background_size=\u00a0\u00bbcontain\u00a0\u00bb background_position=\u00a0\u00bbtop_center\u00a0\u00bb locked=\u00a0\u00bboff\u00a0\u00bb global_colors_info=\u00a0\u00bb{}\u00a0\u00bb][et_pb_row _builder_version=\u00a0\u00bb4.27.4&Prime; _module_preset=\u00a0\u00bbdefault\u00a0\u00bb global_colors_info=\u00a0\u00bb{}\u00a0\u00bb][et_pb_column type=\u00a0\u00bb4_4&Prime; _builder_version=\u00a0\u00bb4.27.4&Prime; _module_preset=\u00a0\u00bbdefault\u00a0\u00bb global_colors_info=\u00a0\u00bb{}\u00a0\u00bb][et_pb_button button_text=\u00a0\u00bbCommence ton parcours avec nous\u00a0\u00bb button_alignment=\u00a0\u00bbcenter\u00a0\u00bb _builder_version=\u00a0\u00bb4.27.4&Prime; _module_preset=\u00a0\u00bbdefault\u00a0\u00bb custom_margin=\u00a0\u00bb||50px||false|false\u00a0\u00bb global_colors_info=\u00a0\u00bb{}\u00a0\u00bb][\/et_pb_button][\/et_pb_column][\/et_pb_row][et_pb_row module_class=\u00a0\u00bbbloc-citation-pointille-reverse\u00a0\u00bb _builder_version=\u00a0\u00bb4.27.4&Prime; _module_preset=\u00a0\u00bbdefault\u00a0\u00bb background_color=\u00a0\u00bb#FFFFFF\u00a0\u00bb global_colors_info=\u00a0\u00bb{}\u00a0\u00bb][et_pb_column type=\u00a0\u00bb4_4&Prime; _builder_version=\u00a0\u00bb4.27.4&Prime; _module_preset=\u00a0\u00bbdefault\u00a0\u00bb global_colors_info=\u00a0\u00bb{}\u00a0\u00bb][et_pb_blurb image=\u00a0\u00bbhttps:\/\/cjedesbleuets.ca\/wp-content\/uploads\/2025\/02\/marie-pier-tremblay-photo-rond-cje.jpg\u00a0\u00bb alt=\u00a0\u00bbmarie-pier-tremblay-photo-rond-cje\u00a0\u00bb icon_placement=\u00a0\u00bbleft\u00a0\u00bb _builder_version=\u00a0\u00bb4.27.4&Prime; _module_preset=\u00a0\u00bbdefault\u00a0\u00bb global_colors_info=\u00a0\u00bb{}\u00a0\u00bb]<\/p>\n<h4>\u00ab Comprendre, c\u2019est la base de notre approche, autant avec notre client\u00e8le qu\u2019au sein de notre \u00e9quipe. On prend le temps d\u2019\u00e9couter, de cerner les besoins de chacun et d\u2019y r\u00e9pondre, toujours dans le respect.\u00a0\u00bb<\/h4>\n<h5>Marie-Pier Tremblay<\/h5>\n<h6>Intervenante en employabilit\u00e9<\/h6>\n<p>[\/et_pb_blurb][\/et_pb_column][\/et_pb_row][et_pb_row _builder_version=\u00a0\u00bb4.27.4&Prime; _module_preset=\u00a0\u00bbdefault\u00a0\u00bb global_colors_info=\u00a0\u00bb{}\u00a0\u00bb][et_pb_column type=\u00a0\u00bb4_4&Prime; _builder_version=\u00a0\u00bb4.27.4&Prime; _module_preset=\u00a0\u00bbdefault\u00a0\u00bb global_colors_info=\u00a0\u00bb{}\u00a0\u00bb][et_pb_text module_class=\u00a0\u00bbliste-crochets\u00a0\u00bb _builder_version=\u00a0\u00bb4.27.4&Prime; _module_preset=\u00a0\u00bbdefault\u00a0\u00bb global_colors_info=\u00a0\u00bb{}\u00a0\u00bb]<\/p>\n<h2>Des valeurs au c\u0153ur de nos actions depuis plus de 30 ans<\/h2>\n<h3><strong>Respect<\/strong><\/h3>\n<p>Le respect, c\u2019est reconna\u00eetre le rythme de chacun, peu importe o\u00f9 il se trouve dans son parcours. Que ce soit pour les personnes que nous accompagnons ou pour notre \u00e9quipe, nous valorisons l\u2019\u00e9coute, la confiance, l&rsquo;ouverture et la compr\u00e9hension.<\/p>\n<h3><strong>Collaboration<\/strong><\/h3>\n<p>Dans nos trois points de service, la collaboration rime avec entraide et soutien au quotidien. On travaille main dans la main avec nos coll\u00e8gues, nos partenaires et les personnes qu&rsquo;on accompagne pour les guider vers la r\u00e9ussite de leurs objectifs, en fonction de leurs besoins.<\/p>\n<h3><strong>Engagement<\/strong><\/h3>\n<p>Chaque jour, toute l&rsquo;\u00e9quipe s&rsquo;investit pleinement pour guider nos clients dans la r\u00e9alisation de leur potentiel dans l&rsquo;accompagnement, la cr\u00e9ation de projets ou la recherche de solutions adapt\u00e9es.<\/p>\n<p>[\/et_pb_text][\/et_pb_column][\/et_pb_row][et_pb_row module_class=\u00a0\u00bbbloc-citation-pointille\u00a0\u00bb _builder_version=\u00a0\u00bb4.27.4&Prime; _module_preset=\u00a0\u00bbdefault\u00a0\u00bb background_color=\u00a0\u00bb#FFFFFF\u00a0\u00bb global_colors_info=\u00a0\u00bb{}\u00a0\u00bb][et_pb_column type=\u00a0\u00bb4_4&Prime; _builder_version=\u00a0\u00bb4.27.4&Prime; _module_preset=\u00a0\u00bbdefault\u00a0\u00bb global_colors_info=\u00a0\u00bb{}\u00a0\u00bb][et_pb_blurb image=\u00a0\u00bbhttps:\/\/cjedesbleuets.ca\/wp-content\/uploads\/2025\/03\/michel-isabelle-cje-des-bleuets.jpg\u00a0\u00bb alt=\u00a0\u00bbmichel-isabelle-cje-des-bleuets\u00a0\u00bb icon_placement=\u00a0\u00bbleft\u00a0\u00bb _builder_version=\u00a0\u00bb4.27.4&Prime; _module_preset=\u00a0\u00bbdefault\u00a0\u00bb hover_transition_duration=\u00a0\u00bb0ms\u00a0\u00bb global_colors_info=\u00a0\u00bb{}\u00a0\u00bb]<\/p>\n<h4>\u00ab&nbsp;Ici, on s&rsquo;engage \u00e0 valoriser les forces et les diff\u00e9rences de chacun. Avec l&rsquo;\u00e9quipe, on collabore avec ouverture, respect, confiance et surtout, dans le plaisir.&nbsp;\u00bb<\/h4>\n<h5>Michel Lemieux<\/h5>\n<h6>Directeur, secteur Maria-Chapdelaine<\/h6>\n<h5>Isabelle Bouchard<\/h5>\n<h6>Directrice, secteur Domaine-du-Roy<\/h6>\n<h6><\/h6>\n<p>[\/et_pb_blurb][\/et_pb_column][\/et_pb_row][et_pb_row _builder_version=\u00a0\u00bb4.27.4&Prime; _module_preset=\u00a0\u00bbdefault\u00a0\u00bb global_colors_info=\u00a0\u00bb{}\u00a0\u00bb][et_pb_column type=\u00a0\u00bb4_4&Prime; _builder_version=\u00a0\u00bb4.27.4&Prime; _module_preset=\u00a0\u00bbdefault\u00a0\u00bb global_colors_info=\u00a0\u00bb{}\u00a0\u00bb][et_pb_button button_url=\u00a0\u00bb@ET-DC@eyJkeW5hbWljIjp0cnVlLCJjb250ZW50IjoicG9zdF9saW5rX3VybF9wYWdlIiwic2V0dGluZ3MiOnsicG9zdF9pZCI6IjMwIn19@\u00a0\u00bb button_text=\u00a0\u00bbDevenir membre\u00a0\u00bb button_alignment=\u00a0\u00bbcenter\u00a0\u00bb _builder_version=\u00a0\u00bb4.27.4&Prime; _dynamic_attributes=\u00a0\u00bbbutton_url\u00a0\u00bb _module_preset=\u00a0\u00bbdefault\u00a0\u00bb global_colors_info=\u00a0\u00bb{}\u00a0\u00bb][\/et_pb_button][et_pb_button button_url=\u00a0\u00bb@ET-DC@eyJkeW5hbWljIjp0cnVlLCJjb250ZW50IjoicG9zdF9saW5rX3VybF9wYWdlIiwic2V0dGluZ3MiOnsicG9zdF9pZCI6IjE4In19@\u00a0\u00bb button_text=\u00a0\u00bbParcourir notre foire aux questions!\u00a0\u00bb button_alignment=\u00a0\u00bbcenter\u00a0\u00bb _builder_version=\u00a0\u00bb4.27.4&Prime; _dynamic_attributes=\u00a0\u00bbbutton_url\u00a0\u00bb _module_preset=\u00a0\u00bbdefault\u00a0\u00bb global_colors_info=\u00a0\u00bb{}\u00a0\u00bb][\/et_pb_button][\/et_pb_column][\/et_pb_row][et_pb_row module_class=\u00a0\u00bbbloc-citation-pointille-reverse\u00a0\u00bb _builder_version=\u00a0\u00bb4.27.4&Prime; _module_preset=\u00a0\u00bbdefault\u00a0\u00bb background_color=\u00a0\u00bb#FFFFFF\u00a0\u00bb global_colors_info=\u00a0\u00bb{}\u00a0\u00bb][et_pb_column type=\u00a0\u00bb4_4&Prime; _builder_version=\u00a0\u00bb4.27.4&Prime; _module_preset=\u00a0\u00bbdefault\u00a0\u00bb global_colors_info=\u00a0\u00bb{}\u00a0\u00bb][et_pb_blurb image=\u00a0\u00bbhttps:\/\/cjedesbleuets.ca\/wp-content\/uploads\/2025\/02\/noemie-perron-photo-rond-cje.jpg\u00a0\u00bb alt=\u00a0\u00bbnoemie-perron-photo-rond-cje\u00a0\u00bb icon_placement=\u00a0\u00bbleft\u00a0\u00bb _builder_version=\u00a0\u00bb4.27.4&Prime; _module_preset=\u00a0\u00bbdefault\u00a0\u00bb hover_transition_duration=\u00a0\u00bb0ms\u00a0\u00bb global_colors_info=\u00a0\u00bb{}\u00a0\u00bb]<\/p>\n<h4>\u00ab&nbsp;Dans notre \u00e9quipe, chacun apporte sa couleur et ses forces. On se compl\u00e8te et on peut compter les uns sur les autres.&nbsp;\u00bb<\/h4>\n<h5>No\u00e9mie Perron<\/h5>\n<h6>Intervenante en employabilit\u00e9<\/h6>\n<h6><\/h6>\n<p>[\/et_pb_blurb][\/et_pb_column][\/et_pb_row][et_pb_row module_class=\u00a0\u00bbbloc-citation-pointille\u00a0\u00bb _builder_version=\u00a0\u00bb4.27.4&Prime; _module_preset=\u00a0\u00bbdefault\u00a0\u00bb background_color=\u00a0\u00bb#FFFFFF\u00a0\u00bb global_colors_info=\u00a0\u00bb{}\u00a0\u00bb][et_pb_column type=\u00a0\u00bb4_4&Prime; _builder_version=\u00a0\u00bb4.27.4&Prime; _module_preset=\u00a0\u00bbdefault\u00a0\u00bb global_colors_info=\u00a0\u00bb{}\u00a0\u00bb][et_pb_blurb image=\u00a0\u00bbhttps:\/\/cjedesbleuets.ca\/wp-content\/uploads\/2025\/03\/carolane-plourde-photo-rond-cje.jpg\u00a0\u00bb alt=\u00a0\u00bbcarolane-plourde-photo-rond-cje\u00a0\u00bb icon_placement=\u00a0\u00bbleft\u00a0\u00bb _builder_version=\u00a0\u00bb4.27.4&Prime; _module_preset=\u00a0\u00bbdefault\u00a0\u00bb hover_transition_duration=\u00a0\u00bb0ms\u00a0\u00bb global_colors_info=\u00a0\u00bb{}\u00a0\u00bb]<\/p>\n<h4>\u00ab J&rsquo;aime contribuer \u00e0 ma mani\u00e8re dans l&rsquo;\u00e9quipe du CJE. Ce qui me passionne avant tout, c&rsquo;est l&rsquo;aspect humain et le soutien de toute l&rsquo;\u00e9quipe. \u00bb<\/h4>\n<h5>Carolane Plourde<\/h5>\n<h6>Agente d&rsquo;accueil<\/h6>\n<h6><\/h6>\n<p>[\/et_pb_blurb][\/et_pb_column][\/et_pb_row][\/et_pb_section][et_pb_section fb_built=\u00a0\u00bb1&Prime; _builder_version=\u00a0\u00bb4.27.4&Prime; _module_preset=\u00a0\u00bbdefault\u00a0\u00bb background_enable_image=\u00a0\u00bboff\u00a0\u00bb background_size=\u00a0\u00bbcontain\u00a0\u00bb background_position=\u00a0\u00bbtop_center\u00a0\u00bb locked=\u00a0\u00bboff\u00a0\u00bb global_colors_info=\u00a0\u00bb{}\u00a0\u00bb][et_pb_row _builder_version=\u00a0\u00bb4.27.4&Prime; _module_preset=\u00a0\u00bbdefault\u00a0\u00bb global_colors_info=\u00a0\u00bb{}\u00a0\u00bb][et_pb_column type=\u00a0\u00bb4_4&Prime; _builder_version=\u00a0\u00bb4.27.4&Prime; _module_preset=\u00a0\u00bbdefault\u00a0\u00bb global_colors_info=\u00a0\u00bb{}\u00a0\u00bb][et_pb_text _builder_version=\u00a0\u00bb4.27.4&Prime; _module_preset=\u00a0\u00bbdefault\u00a0\u00bb global_colors_info=\u00a0\u00bb{}\u00a0\u00bb]<\/p>\n<h2>Consulte notre rapport annuel<\/h2>\n<p>[\/et_pb_text][\/et_pb_column][\/et_pb_row][et_pb_row column_structure=\u00a0\u00bb1_2,1_2&Prime; _builder_version=\u00a0\u00bb4.27.4&Prime; _module_preset=\u00a0\u00bbdefault\u00a0\u00bb global_colors_info=\u00a0\u00bb{}\u00a0\u00bb][et_pb_column type=\u00a0\u00bb1_2&Prime; _builder_version=\u00a0\u00bb4.27.4&Prime; _module_preset=\u00a0\u00bbdefault\u00a0\u00bb global_colors_info=\u00a0\u00bb{}\u00a0\u00bb][et_pb_image src=\u00a0\u00bbhttps:\/\/cjedesbleuets.ca\/wp-content\/uploads\/2025\/02\/rapport-annuel-2023-2024-cje-des-bleuets.jpg\u00a0\u00bb alt=\u00a0\u00bbrapport-annuel-2023-2024-cje-des-bleuets\u00a0\u00bb title_text=\u00a0\u00bbrapport-annuel-2023-2024-cje-des-bleuets\u00a0\u00bb url=\u00a0\u00bbhttps:\/\/www.calameo.com\/read\/007943707a1aff126e59c\u00a0\u00bb url_new_window=\u00a0\u00bbon\u00a0\u00bb _builder_version=\u00a0\u00bb4.27.4&Prime; _module_preset=\u00a0\u00bbdefault\u00a0\u00bb global_colors_info=\u00a0\u00bb{}\u00a0\u00bb][\/et_pb_image][et_pb_text _builder_version=\u00a0\u00bb4.27.4&Prime; _module_preset=\u00a0\u00bbdefault\u00a0\u00bb link_option_url=\u00a0\u00bbhttps:\/\/cjedesbleuets.ca\/wp-content\/uploads\/2025\/02\/CJE_Rapport-annuel-2023-2024.pdf\u00a0\u00bb hover_enabled=\u00a0\u00bb0&Prime; global_colors_info=\u00a0\u00bb{}\u00a0\u00bb sticky_enabled=\u00a0\u00bb0&Prime;]<\/p>\n<h4><a href=\"https:\/\/www.calameo.com\/read\/007943707a1aff126e59c\" target=\"_blank\" rel=\"noopener\">2023-2024<\/a><\/h4>\n<p>[\/et_pb_text][\/et_pb_column][et_pb_column type=\u00a0\u00bb1_2&Prime; _builder_version=\u00a0\u00bb4.27.4&Prime; _module_preset=\u00a0\u00bbdefault\u00a0\u00bb global_colors_info=\u00a0\u00bb{}\u00a0\u00bb][et_pb_image src=\u00a0\u00bbhttps:\/\/cjedesbleuets.ca\/wp-content\/uploads\/2025\/07\/RAP-annuel-2024-2025_web.png\u00a0\u00bb alt=\u00a0\u00bbrapport-annuel-2023-2024-cje-des-bleuets\u00a0\u00bb title_text=\u00a0\u00bbRAP-annuel-2024-2025_web\u00a0\u00bb url=\u00a0\u00bbhttps:\/\/www.calameo.com\/read\/0079437077c7d5b3a4fef\u00a0\u00bb url_new_window=\u00a0\u00bbon\u00a0\u00bb _builder_version=\u00a0\u00bb4.27.4&Prime; _module_preset=\u00a0\u00bbdefault\u00a0\u00bb global_colors_info=\u00a0\u00bb{}\u00a0\u00bb][\/et_pb_image][et_pb_text _builder_version=\u00a0\u00bb4.27.4&Prime; _module_preset=\u00a0\u00bbdefault\u00a0\u00bb link_option_url=\u00a0\u00bbhttps:\/\/cjedesbleuets.ca\/wp-content\/uploads\/2025\/02\/CJE_Rapport-annuel-2023-2024.pdf\u00a0\u00bb hover_enabled=\u00a0\u00bb0&Prime; global_colors_info=\u00a0\u00bb{}\u00a0\u00bb sticky_enabled=\u00a0\u00bb0&Prime;]<\/p>\n<h4><a href=\"https:\/\/www.calameo.com\/read\/0079437077c7d5b3a4fef\" target=\"_blank\" rel=\"noopener\">2024-2025<\/a><\/h4>\n<p>[\/et_pb_text][\/et_pb_column][\/et_pb_row][\/et_pb_section]<\/p>\n","protected":false},"excerpt":{"rendered":"<p>Le carrefour jeunesse emploi CJE des BleuetsLe CJE des Bleuets, c\u2019est bien plus qu\u2019un organisme qui t\u2019aide \u00e0 faire ton CV Une \u00e9quipe qualifi\u00e9e pour t&rsquo;accompagner, t&rsquo;\u00e9couter et te soutenir Le CJE des Bleuets est un organisme \u00e0 but non lucratif qui am\u00e9liore les conditions de vie des personnes \u00e2g\u00e9es de 15 ans et plus [&hellip;]<\/p>\n","protected":false},"author":5,"featured_media":0,"parent":0,"menu_order":0,"comment_status":"closed","ping_status":"closed","template":"","meta":{"_et_pb_use_builder":"on","_et_pb_old_content":"<!-- wp:divi\/placeholder \/-->","_et_gb_content_width":"","footnotes":""},"class_list":["post-22","page","type-page","status-publish","hentry"],"yoast_head":"<!-- This site is optimized with the Yoast SEO plugin v27.5 - https:\/\/yoast.com\/product\/yoast-seo-wordpress\/ -->\n<title>CJE des Bleuets | CJE des Bleuets<\/title>\n<meta name=\"robots\" content=\"index, follow, max-snippet:-1, max-image-preview:large, max-video-preview:-1\" \/>\n<link rel=\"canonical\" href=\"https:\/\/cjedesbleuets.ca\/fr\/cje-des-bleuets\/\" \/>\n<meta property=\"og:locale\" content=\"fr_FR\" \/>\n<meta property=\"og:type\" content=\"article\" \/>\n<meta property=\"og:title\" content=\"CJE des Bleuets | CJE des Bleuets\" \/>\n<meta property=\"og:description\" content=\"Le carrefour jeunesse emploi CJE des BleuetsLe CJE des Bleuets, c\u2019est bien plus qu\u2019un organisme qui t\u2019aide \u00e0 faire ton CV Une \u00e9quipe qualifi\u00e9e pour t&#039;accompagner, t&#039;\u00e9couter et te soutenir Le CJE des Bleuets est un organisme \u00e0 but non lucratif qui am\u00e9liore les conditions de vie des personnes \u00e2g\u00e9es de 15 ans et plus [&hellip;]\" \/>\n<meta property=\"og:url\" content=\"https:\/\/cjedesbleuets.ca\/fr\/cje-des-bleuets\/\" \/>\n<meta property=\"og:site_name\" content=\"CJE des Bleuets\" \/>\n<meta property=\"article:modified_time\" content=\"2025-07-07T19:13:29+00:00\" \/>\n<meta property=\"og:image\" content=\"https:\/\/cjedesbleuets.ca\/wp-content\/uploads\/2025\/04\/cje-des-bleuets-site-web.jpg\" \/>\n\t<meta property=\"og:image:width\" content=\"1200\" \/>\n\t<meta property=\"og:image:height\" content=\"675\" \/>\n\t<meta property=\"og:image:type\" content=\"image\/jpeg\" \/>\n<meta name=\"twitter:card\" content=\"summary_large_image\" \/>\n<script type=\"application\/ld+json\" class=\"yoast-schema-graph\">{\"@context\":\"https:\\\/\\\/schema.org\",\"@graph\":[{\"@type\":\"WebPage\",\"@id\":\"https:\\\/\\\/cjedesbleuets.ca\\\/fr\\\/cje-des-bleuets\\\/\",\"url\":\"https:\\\/\\\/cjedesbleuets.ca\\\/fr\\\/cje-des-bleuets\\\/\",\"name\":\"CJE des Bleuets | CJE des Bleuets\",\"isPartOf\":{\"@id\":\"https:\\\/\\\/cjedesbleuets.ca\\\/fr\\\/#website\"},\"datePublished\":\"2025-02-04T16:43:50+00:00\",\"dateModified\":\"2025-07-07T19:13:29+00:00\",\"breadcrumb\":{\"@id\":\"https:\\\/\\\/cjedesbleuets.ca\\\/fr\\\/cje-des-bleuets\\\/#breadcrumb\"},\"inLanguage\":\"fr-FR\",\"potentialAction\":[{\"@type\":\"ReadAction\",\"target\":[\"https:\\\/\\\/cjedesbleuets.ca\\\/fr\\\/cje-des-bleuets\\\/\"]}]},{\"@type\":\"BreadcrumbList\",\"@id\":\"https:\\\/\\\/cjedesbleuets.ca\\\/fr\\\/cje-des-bleuets\\\/#breadcrumb\",\"itemListElement\":[{\"@type\":\"ListItem\",\"position\":1,\"name\":\"Accueil\",\"item\":\"https:\\\/\\\/cjedesbleuets.ca\\\/fr\\\/\"},{\"@type\":\"ListItem\",\"position\":2,\"name\":\"CJE des Bleuets\"}]},{\"@type\":\"WebSite\",\"@id\":\"https:\\\/\\\/cjedesbleuets.ca\\\/fr\\\/#website\",\"url\":\"https:\\\/\\\/cjedesbleuets.ca\\\/fr\\\/\",\"name\":\"CJE des Bleuets\",\"description\":\"\",\"potentialAction\":[{\"@type\":\"SearchAction\",\"target\":{\"@type\":\"EntryPoint\",\"urlTemplate\":\"https:\\\/\\\/cjedesbleuets.ca\\\/fr\\\/?s={search_term_string}\"},\"query-input\":{\"@type\":\"PropertyValueSpecification\",\"valueRequired\":true,\"valueName\":\"search_term_string\"}}],\"inLanguage\":\"fr-FR\"}]}<\/script>\n<!-- \/ Yoast SEO plugin. -->","yoast_head_json":{"title":"CJE des Bleuets | CJE des Bleuets","robots":{"index":"index","follow":"follow","max-snippet":"max-snippet:-1","max-image-preview":"max-image-preview:large","max-video-preview":"max-video-preview:-1"},"canonical":"https:\/\/cjedesbleuets.ca\/fr\/cje-des-bleuets\/","og_locale":"fr_FR","og_type":"article","og_title":"CJE des Bleuets | CJE des Bleuets","og_description":"Le carrefour jeunesse emploi CJE des BleuetsLe CJE des Bleuets, c\u2019est bien plus qu\u2019un organisme qui t\u2019aide \u00e0 faire ton CV Une \u00e9quipe qualifi\u00e9e pour t'accompagner, t'\u00e9couter et te soutenir Le CJE des Bleuets est un organisme \u00e0 but non lucratif qui am\u00e9liore les conditions de vie des personnes \u00e2g\u00e9es de 15 ans et plus [&hellip;]","og_url":"https:\/\/cjedesbleuets.ca\/fr\/cje-des-bleuets\/","og_site_name":"CJE des Bleuets","article_modified_time":"2025-07-07T19:13:29+00:00","og_image":[{"width":1200,"height":675,"url":"https:\/\/cjedesbleuets.ca\/wp-content\/uploads\/2025\/04\/cje-des-bleuets-site-web.jpg","type":"image\/jpeg"}],"twitter_card":"summary_large_image","schema":{"@context":"https:\/\/schema.org","@graph":[{"@type":"WebPage","@id":"https:\/\/cjedesbleuets.ca\/fr\/cje-des-bleuets\/","url":"https:\/\/cjedesbleuets.ca\/fr\/cje-des-bleuets\/","name":"CJE des Bleuets | CJE des Bleuets","isPartOf":{"@id":"https:\/\/cjedesbleuets.ca\/fr\/#website"},"datePublished":"2025-02-04T16:43:50+00:00","dateModified":"2025-07-07T19:13:29+00:00","breadcrumb":{"@id":"https:\/\/cjedesbleuets.ca\/fr\/cje-des-bleuets\/#breadcrumb"},"inLanguage":"fr-FR","potentialAction":[{"@type":"ReadAction","target":["https:\/\/cjedesbleuets.ca\/fr\/cje-des-bleuets\/"]}]},{"@type":"BreadcrumbList","@id":"https:\/\/cjedesbleuets.ca\/fr\/cje-des-bleuets\/#breadcrumb","itemListElement":[{"@type":"ListItem","position":1,"name":"Accueil","item":"https:\/\/cjedesbleuets.ca\/fr\/"},{"@type":"ListItem","position":2,"name":"CJE des Bleuets"}]},{"@type":"WebSite","@id":"https:\/\/cjedesbleuets.ca\/fr\/#website","url":"https:\/\/cjedesbleuets.ca\/fr\/","name":"CJE des Bleuets","description":"","potentialAction":[{"@type":"SearchAction","target":{"@type":"EntryPoint","urlTemplate":"https:\/\/cjedesbleuets.ca\/fr\/?s={search_term_string}"},"query-input":{"@type":"PropertyValueSpecification","valueRequired":true,"valueName":"search_term_string"}}],"inLanguage":"fr-FR"}]}},"_links":{"self":[{"href":"https:\/\/cjedesbleuets.ca\/fr\/wp-json\/wp\/v2\/pages\/22","targetHints":{"allow":["GET"]}}],"collection":[{"href":"https:\/\/cjedesbleuets.ca\/fr\/wp-json\/wp\/v2\/pages"}],"about":[{"href":"https:\/\/cjedesbleuets.ca\/fr\/wp-json\/wp\/v2\/types\/page"}],"author":[{"embeddable":true,"href":"https:\/\/cjedesbleuets.ca\/fr\/wp-json\/wp\/v2\/users\/5"}],"replies":[{"embeddable":true,"href":"https:\/\/cjedesbleuets.ca\/fr\/wp-json\/wp\/v2\/comments?post=22"}],"version-history":[{"count":16,"href":"https:\/\/cjedesbleuets.ca\/fr\/wp-json\/wp\/v2\/pages\/22\/revisions"}],"predecessor-version":[{"id":483,"href":"https:\/\/cjedesbleuets.ca\/fr\/wp-json\/wp\/v2\/pages\/22\/revisions\/483"}],"wp:attachment":[{"href":"https:\/\/cjedesbleuets.ca\/fr\/wp-json\/wp\/v2\/media?parent=22"}],"curies":[{"name":"wp","href":"https:\/\/api.w.org\/{rel}","templated":true}]}}